{"id":73,"date":"2022-08-12T22:18:42","date_gmt":"2022-08-12T20:18:42","guid":{"rendered":"https:\/\/www.m19.pl\/strona-glowna-copy\/"},"modified":"2025-10-18T13:07:16","modified_gmt":"2025-10-18T11:07:16","slug":"o-nas","status":"publish","type":"page","link":"https:\/\/www.m19.pl\/en\/o-nas\/","title":{"rendered":"O nas"},"content":{"rendered":"<p>[et_pb_section fb_built=&#8221;1&#8243; custom_padding_last_edited=&#8221;on|phone&#8221; _builder_version=&#8221;4.27.3&#8243; _module_preset=&#8221;default&#8221; background_color=&#8221;#FFFFFF&#8221; custom_padding=&#8221;2%||2%||false|false&#8221; custom_padding_tablet=&#8221;3%||6%||false|false&#8221; custom_padding_phone=&#8221;4%||8%||false|false&#8221; global_colors_info=&#8221;{}&#8221;][et_pb_row _builder_version=&#8221;4.27.3&#8243; _module_preset=&#8221;default&#8221; min_height=&#8221;73px&#8221; global_colors_info=&#8221;{}&#8221;][et_pb_column type=&#8221;4_4&#8243; _builder_version=&#8221;4.27.3&#8243; _module_preset=&#8221;default&#8221; global_colors_info=&#8221;{}&#8221;][et_pb_heading title=&#8221;Poznaj zesp\u00f3\u0142 M19 Architekci:&#8221; _builder_version=&#8221;4.27.3&#8243; _module_preset=&#8221;default&#8221; title_font_size=&#8221;16px&#8221; global_colors_info=&#8221;{}&#8221;][\/et_pb_heading][\/et_pb_column][\/et_pb_row][et_pb_row column_structure=&#8221;1_2,1_2&#8243; _builder_version=&#8221;4.27.3&#8243; _module_preset=&#8221;default&#8221; global_colors_info=&#8221;{}&#8221;][et_pb_column type=&#8221;1_2&#8243; _builder_version=&#8221;4.27.3&#8243; _module_preset=&#8221;default&#8221; global_colors_info=&#8221;{}&#8221;][et_pb_image src=&#8221;https:\/\/www.m19.pl\/wp-content\/uploads\/2022\/08\/O-nas-bg.jpg&#8221; title_text=&#8221; Maja Sko\u0142ysz&#8221; _builder_version=&#8221;4.18.0&#8243; _module_preset=&#8221;default&#8221; global_colors_info=&#8221;{}&#8221;][\/et_pb_image][et_pb_text _builder_version=&#8221;4.27.3&#8243; _module_preset=&#8221;default&#8221; header_font=&#8221;||||||||&#8221; header_2_font=&#8221;||||||||&#8221; header_3_font=&#8221;||||||||&#8221; custom_margin=&#8221;||20px||false|false&#8221; header_2_font_size_tablet=&#8221;26px&#8221; header_2_font_size_phone=&#8221;22px&#8221; header_3_font_size_tablet=&#8221;20px&#8221; header_3_font_size_phone=&#8221;18px&#8221; header_3_font_size_last_edited=&#8221;on|phone&#8221; global_colors_info=&#8221;{}&#8221;]<\/p>\n<h1>Maja Sko\u0142ysz<\/h1>\n<h2>owner, architect, IARP member<\/h2>\n<p>[\/et_pb_text][et_pb_text _builder_version=&#8221;4.27.3&#8243; _module_preset=&#8221;default&#8221; header_2_font=&#8221;||||||||&#8221; header_2_font_size=&#8221;28px&#8221; min_height=&#8221;223px&#8221; custom_margin=&#8221;||20px||false|false&#8221; custom_padding=&#8221;3px||0px|||&#8221; header_2_font_size_tablet=&#8221;26px&#8221; header_2_font_size_phone=&#8221;22px&#8221; global_colors_info=&#8221;{}&#8221;]<\/p>\n<p class=\"whitespace-pre-wrap break-words\"><span style=\"font-size: 15px;\">Uko\u0144czy\u0142a Wydzia\u0142 Architektury na Politechnice Gda\u0144skiej w 2005 roku. <\/span><span style=\"font-size: 15px;\">Do\u015bwiadczenie zdobywa\u0142a w biurach projektowych w kraju i za granic\u0105, mi\u0119dzy innymi pracuj\u0105c dla firm w Belfa\u015bcie (P\u00f3\u0142nocna Irlandia) i Londynie (Anglia). W 2009 roku bra\u0142a udzia\u0142 w ekspedycji Raleigh International &#8211; organizacji charytatywnej, buduj\u0105c szko\u0142y w lasach deszczowych Kostaryki. By\u0142a cz\u0142onkiem zespo\u0142\u00f3w projektuj\u0105cych szko\u0142y, osiedla mieszkaniowe, biurowce oraz du\u017ce zespo\u0142y mieszkalno-us\u0142ugowe. W 2022 poszerzy\u0142a swoj\u0105 wiedz\u0119 ko\u0144cz\u0105c studia podyplomowe Zarz\u0105dzanie projektami. Projektuje zar\u00f3wno obiekty kubaturowe, jak i wn\u0119trza, a najch\u0119tniej jedno i drugie.<\/span><\/p>\n<p class=\"whitespace-pre-wrap break-words\"><span style=\"font-size: 15px;\">She loves travelling, books and spending time actively with children.<\/span><span><\/span><\/p>\n<p>[\/et_pb_text][\/et_pb_column][et_pb_column type=&#8221;1_2&#8243; _builder_version=&#8221;4.27.3&#8243; _module_preset=&#8221;default&#8221; global_colors_info=&#8221;{}&#8221;][et_pb_image src=&#8221;https:\/\/www.m19.pl\/wp-content\/uploads\/2025\/01\/arek.png&#8221; title_text=&#8221;arek&#8221; _builder_version=&#8221;4.27.3&#8243; _module_preset=&#8221;default&#8221; global_colors_info=&#8221;{}&#8221;][\/et_pb_image][et_pb_text _builder_version=&#8221;4.27.3&#8243; _module_preset=&#8221;default&#8221; header_font=&#8221;||||||||&#8221; header_2_font=&#8221;||||||||&#8221; header_3_font=&#8221;||||||||&#8221; custom_margin=&#8221;||20px||false|false&#8221; header_2_font_size_tablet=&#8221;26px&#8221; header_2_font_size_phone=&#8221;22px&#8221; header_3_font_size_tablet=&#8221;20px&#8221; header_3_font_size_phone=&#8221;18px&#8221; header_3_font_size_last_edited=&#8221;on|phone&#8221; global_colors_info=&#8221;{}&#8221;]<\/p>\n<h1>Arkadiusz Kicki<\/h1>\n<h2>owner, architect, IARP member<\/h2>\n<p>[\/et_pb_text][et_pb_text _builder_version=&#8221;4.27.3&#8243; _module_preset=&#8221;default&#8221; header_2_font=&#8221;||||||||&#8221; header_2_font_size=&#8221;28px&#8221; width=&#8221;98.2%&#8221; custom_margin=&#8221;||20px||false|false&#8221; header_2_font_size_tablet=&#8221;26px&#8221; header_2_font_size_phone=&#8221;22px&#8221; global_colors_info=&#8221;{}&#8221;]<\/p>\n<p class=\"whitespace-pre-wrap break-words\">Uko\u0144czy\u0142 studia na Wydziale Architektury Politechniki Gda\u0144skiej i przez ponad 16 lat pracowa\u0142 jako Associate w mi\u0119dzynarodowym biurze projektowym Axis Mason. Do\u015bwiadczenie zawodowe zdobywa\u0142 w renomowanych biurach projektowych w r\u00f3\u017cnych cz\u0119\u015bciach \u015bwiata: w Belfa\u015bcie (Irlandia P\u00f3\u0142nocna), Londynie (Wielka Brytania), Durban (RPA) oraz St. Helier (Jersey). Specjalizowa\u0142 si\u0119 w projektowaniu szerokiego spektrum obiekt\u00f3w: od osiedli mieszkaniowych i budynk\u00f3w jedno- i wielorodzinnych, przez hotele i luksusowe domy spokojnej staro\u015bci, po wn\u0119trza hotelowe i prywatne.<\/p>\n<p class=\"whitespace-pre-wrap break-words\">Poza prac\u0105 zawodow\u0105 jest pasjonatem kolarstwa, pokonuj\u0105c rocznie tysi\u0105ce kilometr\u00f3w na rowerze.<\/p>\n<p>[\/et_pb_text][\/et_pb_column][\/et_pb_row][et_pb_row column_structure=&#8221;1_2,1_2&#8243; _builder_version=&#8221;4.27.3&#8243; _module_preset=&#8221;default&#8221; custom_padding=&#8221;||0px|||&#8221; global_colors_info=&#8221;{}&#8221;][et_pb_column type=&#8221;1_2&#8243; _builder_version=&#8221;4.18.0&#8243; _module_preset=&#8221;default&#8221; global_colors_info=&#8221;{}&#8221;][et_pb_image src=&#8221;https:\/\/www.m19.pl\/wp-content\/uploads\/2025\/01\/thekarolinaidastudio3.png&#8221; alt=&#8221;Karolina Ida Poli\u0144ska&#8221; title_text=&#8221;thekarolinaidastudio3&#8243; _builder_version=&#8221;4.27.3&#8243; _module_preset=&#8221;default&#8221; custom_padding=&#8221;0px|||||&#8221; global_colors_info=&#8221;{}&#8221;][\/et_pb_image][et_pb_text _builder_version=&#8221;4.27.3&#8243; _module_preset=&#8221;default&#8221; header_font=&#8221;||||||||&#8221; header_2_font=&#8221;||||||||&#8221; header_3_font=&#8221;||||||||&#8221; custom_margin=&#8221;||20px||false|false&#8221; header_2_font_size_tablet=&#8221;26px&#8221; header_2_font_size_phone=&#8221;22px&#8221; header_3_font_size_tablet=&#8221;20px&#8221; header_3_font_size_phone=&#8221;18px&#8221; header_3_font_size_last_edited=&#8221;on|phone&#8221; global_colors_info=&#8221;{}&#8221;]<\/p>\n<h1>Karolina Ida Poli\u0144ska<\/h1>\n<h2>Architekt<\/h2>\n<p>[\/et_pb_text][et_pb_text _builder_version=&#8221;4.27.3&#8243; _module_preset=&#8221;default&#8221; header_2_font=&#8221;||||||||&#8221; header_2_font_size=&#8221;28px&#8221; custom_margin=&#8221;||20px||false|false&#8221; header_2_font_size_tablet=&#8221;26px&#8221; header_2_font_size_phone=&#8221;22px&#8221; global_colors_info=&#8221;{}&#8221;]<\/p>\n<p class=\"whitespace-pre-wrap break-words\">Absolwentka Wydzia\u0142u Architektury Politechniki Gda\u0144skiej. Dzi\u0119ki szerokiemu wachlarzowi kompetencji, jej projekty charakteryzuj\u0105 si\u0119 sp\u00f3jno\u015bci\u0105 i staranno\u015bci\u0105 w ka\u017cdym aspekcie \u2014 od koncepcji przestrzeni, przez unikatowe meble i detale, a\u017c po kompleksowe systemy wizualne i komunikacyjne. Dzi\u0119ki do\u015bwiadczeniu w bran\u017cy i pasji do estetyki, Karolina zdoby\u0142a reputacj\u0119 projektantki, kt\u00f3ra harmonijnie \u0142\u0105czy klasyczne zasady projektowania z nowoczesnymi trendami.<\/p>\n<p>Inspiracje czerpie z podr\u00f3\u017cy, sztuki i fotografii.<\/p>\n<p>[\/et_pb_text][\/et_pb_column][et_pb_column type=&#8221;1_2&#8243; _builder_version=&#8221;4.18.0&#8243; _module_preset=&#8221;default&#8221; global_colors_info=&#8221;{}&#8221;][et_pb_image src=&#8221;https:\/\/www.m19.pl\/wp-content\/uploads\/2025\/01\/Laura-Felska.png&#8221; alt=&#8221;Laura Felska&#8221; title_text=&#8221;Laura Felska&#8221; _builder_version=&#8221;4.27.3&#8243; _module_preset=&#8221;default&#8221; global_colors_info=&#8221;{}&#8221;][\/et_pb_image][et_pb_text _builder_version=&#8221;4.27.3&#8243; _module_preset=&#8221;default&#8221; header_font=&#8221;||||||||&#8221; header_2_font=&#8221;||||||||&#8221; header_3_font=&#8221;||||||||&#8221; custom_margin=&#8221;||20px||false|false&#8221; header_2_font_size_tablet=&#8221;26px&#8221; header_2_font_size_phone=&#8221;22px&#8221; header_3_font_size_tablet=&#8221;20px&#8221; header_3_font_size_phone=&#8221;18px&#8221; header_3_font_size_last_edited=&#8221;on|phone&#8221; global_colors_info=&#8221;{}&#8221;]<\/p>\n<h1>Laura Felska<\/h1>\n<h2>Studentka Architektury<\/h2>\n<p>[\/et_pb_text][et_pb_text _builder_version=&#8221;4.27.3&#8243; _module_preset=&#8221;default&#8221; header_2_font=&#8221;||||||||&#8221; header_2_font_size=&#8221;28px&#8221; min_height=&#8221;60px&#8221; custom_margin=&#8221;||13px||false|false&#8221; header_2_font_size_tablet=&#8221;26px&#8221; header_2_font_size_phone=&#8221;22px&#8221; global_colors_info=&#8221;{}&#8221;]<\/p>\n<p>Ambitna studentka Wydzia\u0142u Architektury Politechniki Gda\u0144skiej. Z zaanga\u017cowaniem rozwija swoje umiej\u0119tno\u015bci, nie boj\u0105c si\u0119 eksperymentowa\u0107 i szuka\u0107 nowych rozwi\u0105za\u0144, kt\u00f3re \u0142\u0105cz\u0105 funkcjonalno\u015b\u0107 z estetyk\u0105.<\/p>\n<p>Poza studiami i prac\u0105, Laura aktywnie poszukuje nowych inspiracji, uczestniczy w projektach i inicjatywach, kt\u00f3re rozwijaj\u0105 jej wiedz\u0119 o wsp\u00f3\u0142czesnych technologiach i trendach w architekturze.\u00a0<\/p>\n<p>[\/et_pb_text][\/et_pb_column][\/et_pb_row][\/et_pb_section]<\/p>","protected":false},"excerpt":{"rendered":"<p>Maja Sko\u0142ysz Architekt, cz\u0142onek Pomorskiej Izby Architekt\u00f3wUko\u0144czy\u0142a Wydzia\u0142 Architektury na Politechnice Gda\u0144skiej w 2005 roku. Do\u015bwiadczenie zdobywa\u0142a w biurach projektowych w kraju i za granic\u0105, mi\u0119dzy innymi pracuj\u0105c dla firm w Belfa\u015bcie (P\u00f3\u0142nocna Irlandia) i Londynie (Anglia). W 2009 roku bra\u0142a udzia\u0142 w ekspedycji Raleigh International &#8211; organizacji charytatywnej, buduj\u0105c szko\u0142y w lasach deszczowych Kostaryki. By\u0142a cz\u0142onkiem zespo\u0142\u00f3w projektuj\u0105cych szko\u0142y, osiedla mieszkaniowe, biurowce oraz du\u017ce zespo\u0142y mieszkalno-us\u0142ugowe. W 2022 poszerzy\u0142a swoj\u0105 wiedz\u0119 ko\u0144cz\u0105c studia podyplomowe Zarz\u0105dzanie projektami. Projektuje zar\u00f3wno obiekty kubaturowe, jak i wn\u0119trza, a najch\u0119tniej jedno i drugie. Uwielbia podr\u00f3\u017ce, ksi\u0105\u017cki i aktywne sp\u0119dzanie czasu z dzie\u0107mi.Arkadiusz Kicki Architekt, cz\u0142onek Pomorskiej Izby Architekt\u00f3wUko\u0144czy\u0142 studia na Wydziale Architektury Politechniki Gda\u0144skiej i przez ponad 16 lat pracowa\u0142 jako Associate w mi\u0119dzynarodowym biurze projektowym Axis Mason. Do\u015bwiadczenie zawodowe zdobywa\u0142 w renomowanych biurach projektowych w r\u00f3\u017cnych cz\u0119\u015bciach \u015bwiata: w Belfa\u015bcie (Irlandia P\u00f3\u0142nocna), Londynie (Wielka Brytania), Durban (RPA) oraz St. Helier (Jersey). Specjalizowa\u0142 si\u0119 w projektowaniu szerokiego spektrum obiekt\u00f3w: od osiedli mieszkaniowych i budynk\u00f3w jedno- i wielorodzinnych, przez hotele i luksusowe domy spokojnej staro\u015bci, po wn\u0119trza hotelowe i prywatne. Poza prac\u0105 zawodow\u0105 jest pasjonatem kolarstwa, pokonuj\u0105c rocznie tysi\u0105ce kilometr\u00f3w na rowerze.Karolina Ida Poli\u0144ska ArchitektAbsolwentka Wydzia\u0142u Architektury Politechniki Gda\u0144skiej. Dzi\u0119ki szerokiemu wachlarzowi kompetencji, jej projekty [&hellip;]<\/p>","protected":false},"author":1,"featured_media":0,"parent":0,"menu_order":0,"comment_status":"closed","ping_status":"closed","template":"","meta":{"_acf_changed":false,"_et_pb_use_builder":"on","_et_pb_old_content":"<!-- wp:divi\/placeholder \/-->","_et_gb_content_width":"","footnotes":""},"class_list":["post-73","page","type-page","status-publish","hentry"],"acf":[],"_links":{"self":[{"href":"https:\/\/www.m19.pl\/en\/wp-json\/wp\/v2\/pages\/73","targetHints":{"allow":["GET"]}}],"collection":[{"href":"https:\/\/www.m19.pl\/en\/wp-json\/wp\/v2\/pages"}],"about":[{"href":"https:\/\/www.m19.pl\/en\/wp-json\/wp\/v2\/types\/page"}],"author":[{"embeddable":true,"href":"https:\/\/www.m19.pl\/en\/wp-json\/wp\/v2\/users\/1"}],"replies":[{"embeddable":true,"href":"https:\/\/www.m19.pl\/en\/wp-json\/wp\/v2\/comments?post=73"}],"version-history":[{"count":22,"href":"https:\/\/www.m19.pl\/en\/wp-json\/wp\/v2\/pages\/73\/revisions"}],"predecessor-version":[{"id":1510,"href":"https:\/\/www.m19.pl\/en\/wp-json\/wp\/v2\/pages\/73\/revisions\/1510"}],"wp:attachment":[{"href":"https:\/\/www.m19.pl\/en\/wp-json\/wp\/v2\/media?parent=73"}],"curies":[{"name":"wp","href":"https:\/\/api.w.org\/{rel}","templated":true}]}}